{"id":115,"date":"2025-01-29T15:31:17","date_gmt":"2025-01-29T15:31:17","guid":{"rendered":"https:\/\/56wemmel.be\/?page_id=115"},"modified":"2025-11-10T11:25:15","modified_gmt":"2025-11-10T11:25:15","slug":"les-sections","status":"publish","type":"page","link":"https:\/\/56wemmel.be\/index.php\/les-sections\/","title":{"rendered":"Sections"},"content":{"rendered":"\n<div class=\"wp-block-media-text is-stacked-on-mobile\" style=\"grid-template-columns:19% auto\"><figure class=\"wp-block-media-text__media\"><img decoding=\"async\" src=\"https:\/\/lh7-rt.googleusercontent.com\/docsz\/AD_4nXefZLIX333zLSMZr9nN2qlwYMmMpzInSosqfQIEuXmJTW9aHIX7BmIay0Dxw3QlkDfXpzt7AtH0qh7iayrcsHFUjZmBUc_xzZv3HRsmup5wDJTJLdT7OX4IXs01HMc-obuD69Q3IA?key=ESAKmT-BGOQAFtGGQIpDZxWf\" alt=\"\"\/><\/figure><div class=\"wp-block-media-text__content\">\n<p><strong>Les Nutons<\/strong><\/p>\n\n\n\n<p>Section mixte de 6 \u00e0 8 ans (de la 1\u02b3\u1d49 primaire \u00e0 la 2\u1d49 primaire).<\/p>\n<\/div><\/div>\n\n\n\n<div class=\"wp-block-media-text is-stacked-on-mobile\" style=\"grid-template-columns:19% auto\"><figure class=\"wp-block-media-text__media\"><img decoding=\"async\" src=\"https:\/\/lh7-rt.googleusercontent.com\/docsz\/AD_4nXd14yuhFj533z3v1xO2Dy-UVWPZAVw8fbwhzoqhv8EH6Qe8OhVdPU1Zgdm4ukIHvWxQe_Z6fBxp7yWzqDfwdRXJ-wbms0ysxedJOVOJ6X713QcdavOFtxB6lPnY0B-5MKHCKbLCzg?key=ESAKmT-BGOQAFtGGQIpDZxWf\" alt=\"\"\/><\/figure><div class=\"wp-block-media-text__content\">\n<p><strong>Les Lutins<\/strong><\/p>\n\n\n\n<p>Section filles de 8 \u00e0 12 ans (de la 3\u1d49 \u00e0 la 6\u1d49 primaire).<\/p>\n<\/div><\/div>\n\n\n\n<div class=\"wp-block-media-text is-stacked-on-mobile\" style=\"grid-template-columns:19% auto\"><figure class=\"wp-block-media-text__media\"><img decoding=\"async\" src=\"https:\/\/lh7-rt.googleusercontent.com\/docsz\/AD_4nXc7YbtFUBw15HI4xUsAt45SB0z1pQRZW-l7UKSraVXa1yb0wZMyOiQu3nLYKlVh82C7evgrgJqLLNdThjfyKpOdIfEBVJG34y-3c3hYnlwcCESDa-X-mBVXCVht-8rMsvKvERne2A?key=ESAKmT-BGOQAFtGGQIpDZxWf\" alt=\"\"\/><\/figure><div class=\"wp-block-media-text__content\">\n<p><strong>Les Aventures<\/strong><\/p>\n\n\n\n<p>Section filles de 12 \u00e0 16 ans (de la 1\u02b3\u1d49 \u00e0 la 4\u1d49 secondaire).<\/p>\n<\/div><\/div>\n\n\n\n<div class=\"wp-block-media-text is-stacked-on-mobile\" style=\"grid-template-columns:19% auto\"><figure class=\"wp-block-media-text__media\"><img decoding=\"async\" src=\"https:\/\/lh7-rt.googleusercontent.com\/docsz\/AD_4nXcpuk1HJZo5eSNa7rS7pGGvGKbH1RqvIMtIsGCqpUmAqj1SLXrIwmHDlUGjunCBtdBCwgywsLmlUOD7Fgl4KN4yi2rVlGyzCZ2j42e7vwiRP9503C0hBkqy9qdJxSqY6txfHpXV-A?key=ESAKmT-BGOQAFtGGQIpDZxWf\" alt=\"\"\/><\/figure><div class=\"wp-block-media-text__content\">\n<p><\/p>\n\n\n\n<p><strong>Les PiHos<\/strong><\/p>\n\n\n\n<p>Section mixte de 16 \u00e0 18 ans (anim\u00e9s arrivant des Aventures de la 56\u1d49 et des Scouts de la 103\u1d49).<\/p>\n\n\n\n<p><\/p>\n<\/div><\/div>\n\n\n\n<div class=\"wp-block-media-text is-stacked-on-mobile\" style=\"grid-template-columns:19% auto\"><figure class=\"wp-block-media-text__media\"><img decoding=\"async\" src=\"https:\/\/lh7-rt.googleusercontent.com\/docsz\/AD_4nXfc83D2ypyUqO4IPD_WSU-wcQdDlP1iSL48_B1lr02AsjDG6WqJJdizLGXkIBwE_ghOD7rTIhk4mOj8-OGV1wfba0w8qGVP1AYgQH8aMY68iwVy_iqtT95ViTWSvVj2TtYo0Ka-Yg?key=ESAKmT-BGOQAFtGGQIpDZxWf\" alt=\"\"\/><\/figure><div class=\"wp-block-media-text__content\">\n<p><\/p>\n\n\n\n<p><strong>La Route<\/strong><br><br>Section d&rsquo;anciens de l&rsquo;Unit\u00e9, toujours pr\u00eats \u00e0 donner un coup de main pour soutenir les autres sections.<\/p>\n\n\n\n<p><\/p>\n<\/div><\/div>\n\n\n\n<p><\/p>\n\n\n\n<p><\/p>\n\n\n\n<p><\/p>\n\n\n\n<p>ATTENTION:<\/p>\n\n\n\n<p>Les gar\u00e7ons de 8 ans et plus passent chez les Louveteaux de la 103<sup>\u00e8me<\/sup> Unit\u00e9 scoute de Wemmel (<a href=\"https:\/\/www.103wemmel.be\/\">https:\/\/www.103wemmel.be<\/a>).<\/p>\n","protected":false},"excerpt":{"rendered":"<p>Les Nutons Section mixte de 6 \u00e0 8 ans (de la 1\u02b3\u1d49 primaire \u00e0 la 2\u1d49 primaire). Les Lutins Section filles de 8 \u00e0 12 ans (de la 3\u1d49 \u00e0 la 6\u1d49 primaire). Les Aventures Section filles de 12 \u00e0 16 ans (de la 1\u02b3\u1d49 \u00e0 la 4\u1d49 secondaire). Les PiHos Section mixte de 16 [&hellip;]<\/p>\n","protected":false},"author":1,"featured_media":0,"parent":0,"menu_order":0,"comment_status":"closed","ping_status":"closed","template":"","meta":{"footnotes":""},"class_list":["post-115","page","type-page","status-publish","hentry"],"_links":{"self":[{"href":"https:\/\/56wemmel.be\/index.php\/wp-json\/wp\/v2\/pages\/115","targetHints":{"allow":["GET"]}}],"collection":[{"href":"https:\/\/56wemmel.be\/index.php\/wp-json\/wp\/v2\/pages"}],"about":[{"href":"https:\/\/56wemmel.be\/index.php\/wp-json\/wp\/v2\/types\/page"}],"author":[{"embeddable":true,"href":"https:\/\/56wemmel.be\/index.php\/wp-json\/wp\/v2\/users\/1"}],"replies":[{"embeddable":true,"href":"https:\/\/56wemmel.be\/index.php\/wp-json\/wp\/v2\/comments?post=115"}],"version-history":[{"count":12,"href":"https:\/\/56wemmel.be\/index.php\/wp-json\/wp\/v2\/pages\/115\/revisions"}],"predecessor-version":[{"id":293,"href":"https:\/\/56wemmel.be\/index.php\/wp-json\/wp\/v2\/pages\/115\/revisions\/293"}],"wp:attachment":[{"href":"https:\/\/56wemmel.be\/index.php\/wp-json\/wp\/v2\/media?parent=115"}],"curies":[{"name":"wp","href":"https:\/\/api.w.org\/{rel}","templated":true}]}}